{"id":5456,"date":"2019-06-26T18:58:07","date_gmt":"2019-06-26T18:58:07","guid":{"rendered":"http:\/\/norainiesta.com\/?page_id=5456"},"modified":"2023-07-24T17:50:20","modified_gmt":"2023-07-24T17:50:20","slug":"textos","status":"publish","type":"page","link":"https:\/\/norainiesta.com\/?page_id=5456","title":{"rendered":"Textos"},"content":{"rendered":"<p style=\"margin: 0cm; margin-bottom: .0001pt;\">2022<\/p>\n<p style=\"margin: 0cm; margin-bottom: .0001pt;\"><a href=\"http:\/\/norainiesta.com\/wp-content\/uploads\/2023\/07\/2022-texto-MARANI-GONZALEZ-DEL-SOLAR-MNBA.pdf\">Cuarentena, la fragmentaci\u00f3n de la imagen, Maran\u00ed Gonz\u00e1lez del Solar<\/a><\/p>\n<p style=\"margin: 0cm; margin-bottom: .0001pt;\"><a href=\"http:\/\/norainiesta.com\/wp-content\/uploads\/2023\/07\/2022-Isabel-Inchauspe-Salta.pdf\">Cuarentena, la fragmentaci\u00f3n de la imagen, Isabel Inchauspe<\/a><\/p>\n<p style=\"margin: 0cm; margin-bottom: .0001pt;\"><a href=\"http:\/\/norainiesta.com\/wp-content\/uploads\/2023\/07\/2022-Rodrigo-alonso_texto-museo-Caraffa.pdf\">Nora Iniesta. Itinerarios, Rodrigo Alonso<\/a><\/p>\n<p style=\"margin: 0cm; margin-bottom: .0001pt;\"><a href=\"http:\/\/norainiesta.com\/wp-content\/uploads\/2023\/07\/2022-Rodrigo-Alonso-texto-sala-Museo-CARAFFA.pdf\">Nora Iniesta. Itinerarios, Rodrigo Alonso (Texto de sala)<\/a><\/p>\n<p style=\"margin: 0cm; margin-bottom: .0001pt;\">2020<\/p>\n<p style=\"margin: 0cm; margin-bottom: .0001pt;\"><a href=\"http:\/\/norainiesta.com\/wp-content\/uploads\/2023\/07\/2020_Rodrigo-Alonso_Punta-del-Este.pdf\">2, la dualidad, Rodrigo Alonso<\/a><\/p>\n<p style=\"margin: 0cm; margin-bottom: .0001pt;\">2019<\/p>\n<p style=\"margin: 0cm; margin-bottom: .0001pt;\"><a href=\"http:\/\/norainiesta.com\/wp-content\/uploads\/2023\/07\/2019_Alquima-Nora-Iniesta_Olga-Correa.pdf\">Alquimia, Olga Correa<\/a><\/p>\n<p style=\"margin: 0cm; margin-bottom: .0001pt;\"><a href=\"http:\/\/norainiesta.com\/wp-content\/uploads\/2023\/07\/2019_texto-Collages_-Rodrigo-Alonso.pdf\">Nora Iniesta. Collages, Rodrigo Alonso<\/a><\/p>\n<p style=\"margin: 0cm 0cm 0.0001pt; text-align: left;\"><a href=\"http:\/\/norainiesta.com\/wp-content\/uploads\/2023\/07\/2019_Daniel-Molina_MartinFierro.pdf\">Mart\u00edn Fierro, Daniel Molina<\/a><\/p>\n<p style=\"margin: 0cm 0cm 0.0001pt; text-align: left;\"><a href=\"http:\/\/norainiesta.com\/wp-content\/uploads\/2019\/06\/2019-Texto-Olga-Correa.pdf\">Retrospectiva de Nora Iniesta al Museo de Arte Contempor\u00e1neo del Sur, Olga Correa.<\/a><br \/><a href=\"http:\/\/norainiesta.com\/wp-content\/uploads\/2019\/06\/2019-Texto-Roque-de-Bonis-EVITA-COTIDIANA.pdf\">Evita Cotidiana, Roque de Bonis.<\/a><\/p>\n<p>2018<br \/><a href=\"http:\/\/norainiesta.com\/wp-content\/uploads\/2019\/06\/2018-Marzo-Rodrigo-Alonso.pdf\">Marzo, Rodrigo Alonso.<\/a><br \/><a href=\"http:\/\/norainiesta.com\/wp-content\/uploads\/2019\/06\/2018-Nora-Iniesta-recorre-la-ciudad_Maria-Paula-Zachar\u00edas.pdf\">Buenos Aires en blanco y celeste, otra geograf\u00eda III, Mar\u00eda Paula Zachar\u00edas.<\/a><\/p>\n<p>2017<br \/><a href=\"http:\/\/norainiesta.com\/wp-content\/uploads\/2019\/06\/2017-Fernando-Farina-Texto.pdf\">Buenos Aires en blanco y celeste, otra geograf\u00eda I; Fernando Farina.<\/a><br \/><a href=\"http:\/\/norainiesta.com\/wp-content\/uploads\/2019\/06\/2017-Ideas-Argentinas-Rodrigo-Alonso.pdf\">Ideas Argentinas, Rodrigo Alonso.<\/a><br \/><a href=\"http:\/\/norainiesta.com\/wp-content\/uploads\/2019\/06\/2017-Nora-Iniesta.-Blanco-y-Celeste-por-Mercedes-Casanegra.pdf\">Buenos Aires en blanco y celeste, otra geograf\u00eda II; Mercedes Casanegra.<\/a><\/p>\n<p>2016<br \/><a href=\"http:\/\/norainiesta.com\/wp-content\/uploads\/2019\/06\/2016-Bicentenario-Ariadna-Gonzalez-Naya.pdf\">Bicentenario,\u00a0Ariadna Gonz\u00e1lez Naya.<\/a><br \/><a href=\"http:\/\/norainiesta.com\/wp-content\/uploads\/2019\/06\/2016-La-Casa-historica-de-Tucuman-Canela.pdf\">La Casa Hist\u00f3rica de Tucum\u00e1n y el Arte de jugar de Nora Iniesta, Canela.<\/a><br \/><a href=\"http:\/\/norainiesta.com\/wp-content\/uploads\/2019\/06\/2016-Mar\u00eda-Pignarelli-Nora-Iniesta-Perfil.pdf\">Argentina en un taller de San Telmo, Mar\u00eda Pignatelli.<\/a><\/p>\n<p>2015<br \/><a href=\"http:\/\/norainiesta.com\/wp-content\/uploads\/2019\/06\/2015-texto-Lux-Lindner-cat\u00e1logo-la-l\u00ednea-piensa.pdf\">El discurso claro, en tiempo y forma, Lux Lindner.<\/a><br \/><a href=\"http:\/\/norainiesta.com\/wp-content\/uploads\/2019\/06\/2015.-Corea.-La-Ni\u00f1a-Argentina.Texto-Eugenia-Vi\u00f1a..pdf\">\u00bfSe puede congelar el tiempo?. Eugenia Vi\u00f1a.<\/a><br \/><a href=\"http:\/\/norainiesta.com\/wp-content\/uploads\/2019\/06\/2015-Dos-tiempos-Texto-Roque-de-Bonis.pdf\">Dos tiempos, Roque de Bonis.<\/a><br \/><a href=\"http:\/\/norainiesta.com\/wp-content\/uploads\/2019\/06\/2015-Rodrigo-Alonso-Celeste-blanco-y-celeste-texto_iniesta.pdf\">Celeste, blanco y celeste, Rodrigo Alonso.<\/a><br \/><a href=\"http:\/\/norainiesta.com\/wp-content\/uploads\/2019\/06\/2015-Texto-Daniel-Molina-Presentacion-libro-Mecenazgo.pdf\">Presentaci\u00f3n libro Buenos Aires en blanco y celeste, otra geograf\u00eda, Daniel Molina.<\/a><br \/><a href=\"http:\/\/norainiesta.com\/wp-content\/uploads\/2019\/06\/2015-Texto-Ricardo-Blanco-Presentacion-libro-Mecenazgo.pdf\">Presentaci\u00f3n libro Buenos Aires en blanco y celeste, otra geograf\u00eda, Arq. Ricardo Blanco.<\/a><br \/><a href=\"http:\/\/norainiesta.com\/wp-content\/uploads\/2019\/06\/2015.-La-L\u00ednea-Piensa.-Texto-Radar.-Eugenia-Vi\u00f1a.pdf\">La abanderada, Eugenia Vi\u00f1a.<\/a><\/p>\n<p>2014<br \/><a href=\"http:\/\/norainiesta.com\/wp-content\/uploads\/2019\/06\/2014-Lux-Lindner-PRINCIPIO-COLLAGE.pdf\">Principio Collage, Lux Lindner.<\/a><br \/><a href=\"http:\/\/norainiesta.com\/wp-content\/uploads\/2019\/06\/2014-prologo-CANELA.pdf\">\u00bfDe que color es la patria?, Canela.<\/a><br \/><a href=\"http:\/\/norainiesta.com\/wp-content\/uploads\/2019\/06\/2014-texto-Roque-de-Bonis.pdf\">Nora Iniesta,\u00a0 Roque de Bonis.<\/a><br \/><a href=\"http:\/\/norainiesta.com\/wp-content\/uploads\/2019\/06\/2014-Texto-castellano-Daniele-Crippa.pdf\">Los otros, Daniele Crippa.<\/a><\/p>\n<p>2012<br \/><a href=\"http:\/\/norainiesta.com\/wp-content\/uploads\/2019\/06\/2011-Patria-Texto-de-Mario-Mactas-libro-curiociudades.pdf\">Nora Iniesta, Elsa Flores Ballesteros.<\/a><\/p>\n<p>2011<br \/><a href=\"http:\/\/norainiesta.com\/wp-content\/uploads\/2019\/06\/2011-La-Patria-es-la-Infancia-por-Jorge-Garnica.pdf\">La Patria es la Infancia,\u00a0Jorge Garnica.<\/a><br \/><a href=\"http:\/\/norainiesta.com\/wp-content\/uploads\/2019\/06\/2011-MUNDO-ARGENTINO-Ana-Mart\u00ednez-Quijano.pdf\">Mundo Argentino,\u00a0Ana Mart\u00ednez Quijano.<\/a><br \/><a href=\"http:\/\/norainiesta.com\/wp-content\/uploads\/2019\/06\/2011-Patria-Texto-de-Mario-Mactas-libro-curiociudades.pdf\">Patria, Mario Mactas.<\/a><\/p>\n<p>2009<br \/><a href=\"http:\/\/norainiesta.com\/wp-content\/uploads\/2019\/06\/2009-Angel-Guido-Art-Project-formas-formas.pdf\">Formas &amp; Formas,\u00a0Prof. Angel Navarro.<\/a><br \/><a href=\"http:\/\/norainiesta.com\/wp-content\/uploads\/2019\/06\/2009-Patricia-Rizzo-Museo-Caraffa-texto-completo.pdf\">Lo inalcanzable I, Patricia Rizzo.<\/a><br \/><a href=\"http:\/\/norainiesta.com\/wp-content\/uploads\/2019\/06\/2009-Patricia-Rizzo-Museo-Caraffa-texto-corto.pdf\">Lo inalcanzable II, Patricia Rizzo.<\/a><\/p>\n<p>2008<br \/><a href=\"http:\/\/norainiesta.com\/wp-content\/uploads\/2019\/06\/2008-Nora-I.-La-vida-siempre-sonr\u00ede.-AMALIA-SATO.pdf\">La vida siempre sonr\u00ede, collages de Nora Iniesta. Amalia Sato.<\/a><br \/><a href=\"http:\/\/norainiesta.com\/wp-content\/uploads\/2019\/06\/2008-TEXTO-PARA-NORA-INIESTA-Muestra-Chaco.pdf\">La posibilidad de lo imposible,\u00a0Jos\u00e9 Mar\u00eda Paolantonio.<\/a><br \/><a href=\"http:\/\/norainiesta.com\/wp-content\/uploads\/2019\/06\/2008-TXT-Diana-Saiegh-CASA-DE-GOBIERNO.pdf\">Muestra Evita Casa de Gobierno, Diana Saiegh.<\/a><br \/><a href=\"http:\/\/norainiesta.com\/wp-content\/uploads\/2019\/06\/2008-TXT-Iglesias-Brickles-Letras-que-designan-palabras-junio.pdf\">Letras que designan palabras,\u00a0Eduardo Iglesias Brickles.<\/a><\/p>\n<p>2007<br \/><a href=\"http:\/\/norainiesta.com\/wp-content\/uploads\/2019\/06\/2007-Buenos-Aires-Salta-Otilia-Carrique.pdf\">Buenos Aires \u2013 Salta (2007),\u00a0Otilia Carrique.<\/a><br \/><a href=\"http:\/\/norainiesta.com\/wp-content\/uploads\/2019\/06\/2007-Nirvana-ad-hoc-RENATO-RITA.pdf\">Nirvana ad hoc, Renato Rita.<\/a><br \/><a href=\"http:\/\/norainiesta.com\/wp-content\/uploads\/2019\/06\/2007-Palabras-preliminares-Juan-Cambiaso.pdf\">Palabras preliminares,\u00a0Juan E. Cambiaso.<\/a><br \/><a href=\"http:\/\/norainiesta.com\/wp-content\/uploads\/2019\/06\/2007-Yo-insisto-ANA-JARAMILLO.pdf\">Yo insisto,\u00a0Ana Jaramillo.<\/a><br \/><a href=\"http:\/\/norainiesta.com\/wp-content\/uploads\/2019\/06\/2007-1-Sin-t\u00edtulo-CRISTINA-ALVAREZ-RODRIGUEZ-presidenta-del-instituto-de-investigaciones-eva-per\u00f3n.pdf\">Espacio de Arte, Museo Evita,\u00a0Arq. Cristina Alvarez Rodr\u00edguez.<\/a><br \/><a href=\"http:\/\/norainiesta.com\/wp-content\/uploads\/2019\/06\/2007-4-Evita-proteica-DANIEL-SANTORO-artista-plastico.pdf\">Una Eva proteica, Daniel Santoro.<\/a><br \/><a href=\"http:\/\/norainiesta.com\/wp-content\/uploads\/2019\/06\/2007-5-Evita-NORA-INIESTA.pdf\">Evita, Nora Iniesta.<\/a><\/p>\n<p>2006<br \/><a href=\"http:\/\/norainiesta.com\/wp-content\/uploads\/2019\/06\/2006-El-\u00e1ngel-de-la-infancia.pdf\">El \u00e1ngel de la infancia, Rodrigo Alonso.<\/a><\/p>\n<p>2005<br \/><a href=\"http:\/\/norainiesta.com\/wp-content\/uploads\/2019\/06\/2005-Arte-y-Parte.pdf\">Collages pop-perif\u00e9ricos, Jorge Garnica.<\/a><br \/><a href=\"http:\/\/norainiesta.com\/wp-content\/uploads\/2019\/06\/2005-CASORIA.pdf\">\u201cUn progetto per il museo della citt\u00e0\u201d, 100 Artists for a Museum,Vitaliano Corbi.<\/a><br \/><a href=\"http:\/\/norainiesta.com\/wp-content\/uploads\/2019\/06\/2005-Presentacion-Libro-Sue\u00f1os-B.Whitelow.pdf\">&#8220;Sue\u00f1os&#8221;, Nora Iniesta y su libro bic\u00e9falo. Guillermo Whitelow.<\/a><br \/><a href=\"http:\/\/norainiesta.com\/wp-content\/uploads\/2019\/06\/2005-Presentacion-Libro-Sue\u00f1os-Laura-Isola.pdf\">Los n\u00fameros de la suerte, Laura Isola.<\/a><br \/><a href=\"http:\/\/norainiesta.com\/wp-content\/uploads\/2019\/06\/2005-Texto-Cat\u00e1logo-Agalma.pdf\">Agalma Galer\u00eda de arte,\u00a0Jos\u00e9 Miguel Onaindia.<\/a><\/p>\n<p>2004<br \/><a href=\"http:\/\/norainiesta.com\/wp-content\/uploads\/2019\/06\/2004-Diario-P\u00e1gina-12-P\u00c1G-12.pdf\">Reconstrucci\u00f3n de un amor, Laura Isola.<\/a><br \/><a href=\"http:\/\/norainiesta.com\/wp-content\/uploads\/2019\/06\/2004-Leontina-Etchelecu-Conart.pdf\">Los siete pecados capitales, Leontina Etchelecu.<\/a><br \/><a href=\"http:\/\/norainiesta.com\/wp-content\/uploads\/2019\/06\/2004-PachecoGolfClub.pdf\">Iniesta, B\u00e1sicos,\u00a0Leontina Etchelecu.<\/a><br \/><a href=\"http:\/\/norainiesta.com\/wp-content\/uploads\/2019\/06\/2004-Qu\u00e9-hace-el-Fondo.pdf\">\u00bf Qu\u00e9 hace el Fondo?, Nora Iniesta.<\/a><br \/><a href=\"http:\/\/norainiesta.com\/wp-content\/uploads\/2019\/06\/2004-RevistaCompetenciaborrador.pdf\">Todo por amor,\u00a0Ilona Selmeczi<\/a><\/p>\n<p>2003<br \/><a href=\"http:\/\/norainiesta.com\/wp-content\/uploads\/2019\/06\/2003-Postales-Argentinas-Caracas.pdf\">Postal de la memoria: la patria,\u00a0Patricia Pacino.<\/a><br \/><a href=\"http:\/\/norainiesta.com\/wp-content\/uploads\/2019\/06\/2003-Pr\u00f3logo-Universidad-Nacional-de-Lan\u00fas.pdf\">Palabras y no solo palabras,\u00a0Rosa Mar\u00eda Ravera.<\/a><\/p>\n<p><a href=\"http:\/\/norainiesta.com\/wp-content\/uploads\/2019\/06\/Ansia-y-Devocion-Proa-Rodrigo-Alonso.pdf\">Ansia y devoci\u00f3n. Una mirada al arte argentino reciente, Rodrigo Alonso.<\/a><\/p>\n<p>2002<br \/><a href=\"http:\/\/norainiesta.com\/wp-content\/uploads\/2019\/06\/2002-Nada-es-para-siempre-Italiano.pdf\">Nulla \u00e9 per sempre, Rodrigo Alonso.<\/a><br \/><a href=\"http:\/\/norainiesta.com\/wp-content\/uploads\/2019\/06\/2002-Nada-es-para-siempre1.pdf\">Nada es para siempre, Rodrigo Alonso.<\/a><br \/><a href=\"http:\/\/norainiesta.com\/wp-content\/uploads\/2019\/06\/2002-Nada-es-para-siempre2.pdf\">Nada es para siempre II, Rodrigo Alonso.<\/a><br \/><a href=\"http:\/\/norainiesta.com\/wp-content\/uploads\/2019\/06\/2002-Nothing-is-forever-1.pdf\">Nothing is forever, Rodrigo Alonso.<\/a><br \/><a href=\"http:\/\/norainiesta.com\/wp-content\/uploads\/2019\/06\/2002-Open-Raul-R.-Macchi.pdf\">Open 2002 Imaginaire Feminin, Raul R. Macchi.<\/a><\/p>\n<p>2001<br \/><a href=\"http:\/\/norainiesta.com\/wp-content\/uploads\/2019\/06\/2001-MNBA-Bolet\u00edn-agosto-2001.pdf\">Nora Iniesta, MNBA, Mercedes Casanegra.<\/a><br \/><a href=\"http:\/\/norainiesta.com\/wp-content\/uploads\/2019\/06\/2001-MNBA-Jorge-Glusberg.pdf\">La recuperaci\u00f3n de la memoria en la obra de Iniesta, Jorge Glusberg.<\/a><br \/><a href=\"http:\/\/norainiesta.com\/wp-content\/uploads\/2019\/06\/2001-OP-Argentina-ITALIA.pdf\">L\u2019espressione di uno stile sottile, Rodrigo Alonso.<\/a><br \/><a href=\"http:\/\/norainiesta.com\/wp-content\/uploads\/2019\/06\/The-expression-of-a-subtle-style-Rodrigo-Alonso.pdf\">The expression of a subtle style, Rodrigo Alonso.<\/a><br \/><a href=\"http:\/\/norainiesta.com\/wp-content\/uploads\/2019\/06\/2001-RECUPERACI\u00d3N-DE-LA-MEMORIAD.Melero.pdf\">Recuperaci\u00f3n de la memoria, Diego Melero.<\/a><\/p>\n<p>2000<br \/><a href=\"http:\/\/norainiesta.com\/wp-content\/uploads\/2019\/06\/2000-Exposicion-NEA.pdf\">Presentaci\u00f3n de la Exposici\u00f3n N.E.A 2000, Nueva Escuela.<\/a><br \/><a href=\"http:\/\/norainiesta.com\/wp-content\/uploads\/2019\/06\/2000-galer\u00eda-Roberto-Mart\u00edn.pdf\">Exposici\u00f3n, Galer\u00eda Roberto Mart\u00edn, Renato Rita.<\/a><br \/><a href=\"http:\/\/norainiesta.com\/wp-content\/uploads\/2019\/06\/2000-Letras-como-d\u00edas.pdf\">Letras como d\u00edas, Lux Lindner.<\/a><\/p>\n<p>1999<br \/><a href=\"http:\/\/norainiesta.com\/wp-content\/uploads\/2019\/06\/1999-El-l\u00fadico-arte-de-crear.pdf\">El l\u00fadico arte de crear, Ana Mar\u00eda Batistozzi.<\/a><br \/><a href=\"http:\/\/norainiesta.com\/wp-content\/uploads\/2019\/06\/1999-Juguetes.pdf\">Juguetes, Eduardo Iglesias Brickles.<\/a><br \/><a href=\"http:\/\/norainiesta.com\/wp-content\/uploads\/2019\/06\/1999-Palabras-en-inauguraci\u00f3n.pdf\">La mesa est\u00e1 servida, Arq. Jos\u00e9 Luis Saffer.<\/a><\/p>\n<p>1998<br \/><a href=\"http:\/\/norainiesta.com\/wp-content\/uploads\/2019\/06\/1998-Espejos.pdf\">Espejos, Ernesto Mallo.<\/a><br \/><a href=\"http:\/\/norainiesta.com\/wp-content\/uploads\/2019\/06\/1998-Obras-FNA.pdf\">Obras, Fondo Nacional de las Artes, Mercedes Casanegra.<\/a><br \/><a href=\"http:\/\/norainiesta.com\/wp-content\/uploads\/2019\/06\/1998-Paisajes-Urbanos.pdf\">Nora Iniesta, Paisajes urbanos, Mercedes Casanegra.<\/a><\/p>\n<p>1997<br \/><a href=\"http:\/\/norainiesta.com\/wp-content\/uploads\/2019\/06\/1997-CUATROX.pdf\">Cuatro por cuatro, Victoria Verlichak.<\/a><\/p>\n<p>1996<br \/><a href=\"http:\/\/norainiesta.com\/wp-content\/uploads\/2019\/06\/1996-FRIDA-Con-f-de-fuerza.pdf\">Frida, con &#8220;F&#8221; de fuerza, Diana Saiegh.<\/a><br \/><a href=\"http:\/\/norainiesta.com\/wp-content\/uploads\/2019\/06\/1996-Tributo-a-Frida.pdf\">Tributo a Frida, Rosa Faccaro.<\/a><\/p>\n<p>1991<br \/><a href=\"http:\/\/norainiesta.com\/wp-content\/uploads\/2019\/06\/1991-EL-ABECEDARIO-DE-NORA-INIESTA.pdf\">El Abecedario de Nora Iniesta, Patricio L\u00f3izaga.<\/a><br \/><a href=\"http:\/\/norainiesta.com\/wp-content\/uploads\/2019\/06\/1991-Historia-Pintura-y-Escultura-Argentina.pdf\">Nueva historia de la pintura y la escultura en la Argentina, de los or\u00edgenes a nuestros d\u00edas,\u00a0Romualdo Brughetti.<\/a><br \/><a href=\"http:\/\/norainiesta.com\/wp-content\/uploads\/2019\/06\/1991-No-te-derrumbes.pdf\">No te derrumbes, Nelly Perazzo.<\/a><br \/><a href=\"http:\/\/norainiesta.com\/wp-content\/uploads\/2019\/06\/1991-Nominando1.pdf\">Nominando (detr\u00e1s de todo el abecedario), Elena Oliveras.<\/a><br \/><a href=\"http:\/\/norainiesta.com\/wp-content\/uploads\/2019\/06\/1991-Nominando-abecedario-Fundacion-Banco-Patricios.pdf\">Nominando (detr\u00e1s de todo el abecedario), Fundaci\u00f3n Banco Patricios.<\/a><br \/><a href=\"http:\/\/norainiesta.com\/wp-content\/uploads\/2019\/06\/Elsa-Flores-Ballesteros-NORA-INIESTA-Y-EL-ABECEDARIO.pdf\">Nora Iniesta y el abecedario, Elsa Flores Ballesteros.<\/a><br \/><a href=\"http:\/\/norainiesta.com\/wp-content\/uploads\/2019\/06\/abecedario.pdf\">Abecedario.<\/a><\/p>\n<p>1990<br \/><a href=\"http:\/\/norainiesta.com\/wp-content\/uploads\/2019\/06\/1990-Buenos-Aires-x-dos.pdf\">Buenos Aires x dos, Carlos Espartaco.<\/a><br \/><a href=\"http:\/\/norainiesta.com\/wp-content\/uploads\/2019\/06\/1990-Tiempo-espacio-decantaci\u00f3n.pdf\">Tiempo, espacio, decantaci\u00f3n,\u00a0Albino Di\u00e9guez Videla.<\/a><\/p>\n<p>1989<br \/><a href=\"http:\/\/norainiesta.com\/wp-content\/uploads\/2019\/06\/1989-OTRA-FORMA-DE-VER.pdf\">Otra forma de ver, Sergio Sinay.<\/a><\/p>\n<p>1988<br \/><a href=\"http:\/\/norainiesta.com\/wp-content\/uploads\/2019\/06\/1988-Diccionario-Artistas-Pl\u00e1sticos-Argentina.pdf\">Diccionario de\u00a0 Artistas Pl\u00e1sticos en la Argentina,\u00a0Vicente Gesualdo, Aldo Biglione, Rodolfo Santos.<\/a><br \/><a href=\"http:\/\/norainiesta.com\/wp-content\/uploads\/2019\/06\/1988-ENTRE-LO-LATENTE-Y-LO-INASIBLE.pdf\">Entre lo latente y lo sensible, Bengt Oldemburg.<\/a><\/p>\n<p>1987<br \/><a href=\"http:\/\/norainiesta.com\/wp-content\/uploads\/2019\/06\/1987-20-collages-Bs.-As.-x-365.pdf\">20 collages seleccionados de la exposici\u00f3n Bs. As. x 365, Bengt Oldemburg.<\/a><br \/><a href=\"http:\/\/norainiesta.com\/wp-content\/uploads\/2019\/06\/1987-20-collages-Bs.-As.-x-365-2.pdf\">20 collages seleccionados de la exposici\u00f3n Bs. As. x 365, Federico Manuel Peralta Ramos.<\/a><\/p>\n<p>1986<br \/><a href=\"http:\/\/norainiesta.com\/wp-content\/uploads\/2019\/06\/1986-Bs.-As.-x-365.pdf\">Bs.As. x 365, Osvaldo J. Giesso.<\/a><\/p>\n<p>1984<br \/><a href=\"http:\/\/norainiesta.com\/wp-content\/uploads\/2019\/06\/1984-Cajas.pdf\">Cajas, Elena Oliveras.<\/a><br \/><a href=\"http:\/\/norainiesta.com\/wp-content\/uploads\/2019\/06\/1984-Retrospectiva.pdf\">Nora Iniesta, Samuel Oliver.<\/a><\/p>\n<p>1983<br \/><a href=\"http:\/\/norainiesta.com\/wp-content\/uploads\/2019\/06\/1983-Di\u00e1logo-cabal\u00edstico-de-artistas-de-Buenos-Aires.pdf\">Di\u00e1logos cabal\u00edsticos de artistas de Buenos Aires, 7 pintores, 7 digujantes, 7 fot\u00f3grafos, Jorge Glusberg.<\/a><br \/><a href=\"http:\/\/norainiesta.com\/wp-content\/uploads\/2019\/06\/1983-Pinturas-e-Instalaciones.pdf\">Pinturas e Instalaciones, Ex-presiones 83, Laura Buccellato, Carlos Espartaco.<\/a><\/p>\n<p>1980<br \/><a href=\"http:\/\/norainiesta.com\/wp-content\/uploads\/2019\/06\/1980-DOBLAJES.pdf\">Doblajes, &#8220;sinergias blancas&#8221;, Arturo Carrera.<\/a><br \/><a href=\"http:\/\/norainiesta.com\/wp-content\/uploads\/2019\/06\/1980-Premio-Braque-1.pdf\">Premio Braque, Guillermo Whitelow.<\/a><br \/><a href=\"http:\/\/norainiesta.com\/wp-content\/uploads\/2019\/06\/1980-1981-Obras-de-Par\u00eds.pdf\">Collages-objetos, obras de Par\u00eds, Jacques Lassaigne.<\/a><\/p>\n<p>1978<br \/><a href=\"http:\/\/norainiesta.com\/wp-content\/uploads\/2019\/06\/1978-Grabados.pdf\">Grabados, Guillermo Whitelow.<\/a><\/p>\n<p>1976<br \/><a href=\"http:\/\/norainiesta.com\/wp-content\/uploads\/2019\/06\/1976-Pinturas1.pdf\">Pinturas I, C\u00e9sar Magrini.<\/a><br \/><a href=\"http:\/\/norainiesta.com\/wp-content\/uploads\/2019\/06\/1976-Pinturas2.pdf\">Pinturas II, C\u00e9sar Magrini.<\/a><br \/><a href=\"http:\/\/norainiesta.com\/wp-content\/uploads\/2019\/06\/1976-Pinturas3.pdf\">Pinturas III, Epifanio Madrid Diez.<\/a><br \/><a href=\"http:\/\/norainiesta.com\/wp-content\/uploads\/2019\/06\/1976-Pinturas4.pdf\">Pinturas IV, Il Picollo.<\/a><\/p>\n<p>\u00a0<\/p>\n\n\n<p><\/p>\n","protected":false},"excerpt":{"rendered":"<p> [&hellip;]<\/p>\n","protected":false},"author":2,"featured_media":0,"parent":0,"menu_order":0,"comment_status":"closed","ping_status":"closed","template":"","meta":[],"_links":{"self":[{"href":"https:\/\/norainiesta.com\/index.php?rest_route=\/wp\/v2\/pages\/5456"}],"collection":[{"href":"https:\/\/norainiesta.com\/index.php?rest_route=\/wp\/v2\/pages"}],"about":[{"href":"https:\/\/norainiesta.com\/index.php?rest_route=\/wp\/v2\/types\/page"}],"author":[{"embeddable":true,"href":"https:\/\/norainiesta.com\/index.php?rest_route=\/wp\/v2\/users\/2"}],"replies":[{"embeddable":true,"href":"https:\/\/norainiesta.com\/index.php?rest_route=%2Fwp%2Fv2%2Fcomments&post=5456"}],"version-history":[{"count":47,"href":"https:\/\/norainiesta.com\/index.php?rest_route=\/wp\/v2\/pages\/5456\/revisions"}],"predecessor-version":[{"id":6578,"href":"https:\/\/norainiesta.com\/index.php?rest_route=\/wp\/v2\/pages\/5456\/revisions\/6578"}],"wp:attachment":[{"href":"https:\/\/norainiesta.com\/index.php?rest_route=%2Fwp%2Fv2%2Fmedia&parent=5456"}],"curies":[{"name":"wp","href":"https:\/\/api.w.org\/{rel}","templated":true}]}}